{"id":298,"date":"2026-02-20T14:59:20","date_gmt":"2026-02-20T14:59:20","guid":{"rendered":"https:\/\/www.aboutmarcandrepepin.com\/a-propos\/"},"modified":"2026-03-04T12:48:15","modified_gmt":"2026-03-04T12:48:15","slug":"a-propos","status":"publish","type":"page","link":"https:\/\/www.aboutmarcandrepepin.com\/fr\/a-propos\/","title":{"rendered":"\u00c0 propos"},"content":{"rendered":"<p>[et_pb_section fb_built=\u00a0\u00bb1&Prime; _builder_version=\u00a0\u00bb4.27.5&Prime; _module_preset=\u00a0\u00bbdefault\u00a0\u00bb use_background_color_gradient=\u00a0\u00bbon\u00a0\u00bb background_color_gradient_direction=\u00a0\u00bb135deg\u00a0\u00bb background_color_gradient_stops=\u00a0\u00bb#0f182b 0%|#181818 100%\u00a0\u00bb custom_padding=\u00a0\u00bb150px||150px||true|false\u00a0\u00bb custom_css_main_element=\u00a0\u00bbdisplay: flex;||flex-direction: column;||justify-content: center;\u00a0\u00bb custom_css_free_form=\u00a0\u00bb\/* When logged into WordPress (admin bar = 32px) *\/||body.logged-in selector {||  min-height: calc(100vh); \/* 40 + 32 *\/||}||||\/* For normal visitors (no admin bar) *\/||selector {||  min-height: calc(100vh);||}\u00a0\u00bb locked=\u00a0\u00bboff\u00a0\u00bb global_colors_info=\u00a0\u00bb{}\u00a0\u00bb][et_pb_row make_equal=\u00a0\u00bbon\u00a0\u00bb _builder_version=\u00a0\u00bb4.27.5&Prime; _module_preset=\u00a0\u00bbdefault\u00a0\u00bb global_colors_info=\u00a0\u00bb{}\u00a0\u00bb][et_pb_column type=\u00a0\u00bb4_4&Prime; _builder_version=\u00a0\u00bb4.27.5&Prime; _module_preset=\u00a0\u00bbdefault\u00a0\u00bb global_colors_info=\u00a0\u00bb{}\u00a0\u00bb][et_pb_text _builder_version=\u00a0\u00bb4.27.5&Prime; _module_preset=\u00a0\u00bbdefault\u00a0\u00bb global_colors_info=\u00a0\u00bb{}\u00a0\u00bb]<\/p>\n<h1 style=\"text-align: center;\">Marc Andr\u00e9 P\u00e9pin<\/h1>\n<p>[\/et_pb_text][et_pb_text _builder_version=\u00a0\u00bb4.27.4&Prime; _module_preset=\u00a0\u00bbdefault\u00a0\u00bb text_font=\u00a0\u00bbCormorant Garamond|300|||||||\u00a0\u00bb text_font_size=\u00a0\u00bb25px\u00a0\u00bb global_colors_info=\u00a0\u00bb{}\u00a0\u00bb]<\/p>\n<p style=\"text-align: center;\">PDG d\u2019Invescap<\/p>\n<p>[\/et_pb_text][et_pb_divider show_divider=\u00a0\u00bboff\u00a0\u00bb _builder_version=\u00a0\u00bb4.27.5&Prime; _module_preset=\u00a0\u00bbdefault\u00a0\u00bb width=\u00a0\u00bb20%\u00a0\u00bb module_alignment=\u00a0\u00bbcenter\u00a0\u00bb custom_margin=\u00a0\u00bb||30px||false|false\u00a0\u00bb custom_css_main_element=\u00a0\u00bbbackground: linear-gradient(||  to right,||  rgba(255,255,255,0) 0%,||  rgba(255,255,255,1) 50%,||  rgba(255,255,255,0) 100%||) !important;||height: 1px;\u00a0\u00bb global_colors_info=\u00a0\u00bb{}\u00a0\u00bb][\/et_pb_divider][et_pb_image src=\u00a0\u00bbhttps:\/\/www.aboutmarcandrepepin.com\/wp-content\/uploads\/2026\/02\/Marc-Andre-Pepin-White-Background.jpg\u00a0\u00bb alt=\u00a0\u00bbMarc Andr\u00e9 P\u00e9pin \u00a0\u00bb title_text=\u00a0\u00bbBlank,Image,Placeholder.,Profile,Picture,Placeholder.,Avatar,Placeholder,Icon,Design.\u00a0\u00bb align=\u00a0\u00bbcenter\u00a0\u00bb _builder_version=\u00a0\u00bb4.27.4&Prime; _module_preset=\u00a0\u00bbdefault\u00a0\u00bb width=\u00a0\u00bb25%\u00a0\u00bb width_tablet=\u00a0\u00bb25%\u00a0\u00bb width_phone=\u00a0\u00bb25%\u00a0\u00bb width_last_edited=\u00a0\u00bbon|desktop\u00a0\u00bb global_colors_info=\u00a0\u00bb{}\u00a0\u00bb][\/et_pb_image][et_pb_social_media_follow _builder_version=\u00a0\u00bb4.27.6&Prime; _module_preset=\u00a0\u00bbdefault\u00a0\u00bb text_orientation=\u00a0\u00bbcenter\u00a0\u00bb hover_enabled=\u00a0\u00bb0&Prime; locked=\u00a0\u00bboff\u00a0\u00bb global_colors_info=\u00a0\u00bb{}\u00a0\u00bb sticky_enabled=\u00a0\u00bb0&Prime;][et_pb_social_media_follow_network social_network=\u00a0\u00bbfacebook\u00a0\u00bb url=\u00a0\u00bbhttps:\/\/www.facebook.com\/MarcAndrePepin.FR\/\u00a0\u00bb _builder_version=\u00a0\u00bb4.27.6&Prime; _module_preset=\u00a0\u00bbdefault\u00a0\u00bb background_enable_color=\u00a0\u00bboff\u00a0\u00bb hover_enabled=\u00a0\u00bb0&Prime; border_radii=\u00a0\u00bbon|0px|0px|0px|0px\u00a0\u00bb border_width_all=\u00a0\u00bb1px\u00a0\u00bb border_color_all=\u00a0\u00bb#FFFFFF\u00a0\u00bb global_colors_info=\u00a0\u00bb{}\u00a0\u00bb transform_styles__hover_enabled=\u00a0\u00bbon|desktop\u00a0\u00bb transform_scale__hover_enabled=\u00a0\u00bbon|desktop\u00a0\u00bb transform_translate__hover_enabled=\u00a0\u00bbon|desktop\u00a0\u00bb transform_rotate__hover_enabled=\u00a0\u00bbon|desktop\u00a0\u00bb transform_skew__hover_enabled=\u00a0\u00bbon|desktop\u00a0\u00bb transform_origin__hover_enabled=\u00a0\u00bbon|desktop\u00a0\u00bb transform_scale__hover=\u00a0\u00bb103%|103%\u00a0\u00bb border_color_all__hover_enabled=\u00a0\u00bbon|hover\u00a0\u00bb border_color_all__hover=\u00a0\u00bbRGBA(255,255,255,0)\u00a0\u00bb follow_button=\u00a0\u00bboff\u00a0\u00bb url_new_window=\u00a0\u00bbon\u00a0\u00bb sticky_enabled=\u00a0\u00bb0&Prime;]facebook[\/et_pb_social_media_follow_network][et_pb_social_media_follow_network social_network=\u00a0\u00bblinkedin\u00a0\u00bb url=\u00a0\u00bbhttps:\/\/www.linkedin.com\/in\/marc-andr\u00e9-p\u00e9pin-18394957\/\u00a0\u00bb _builder_version=\u00a0\u00bb4.27.4&Prime; _module_preset=\u00a0\u00bbdefault\u00a0\u00bb background_color=\u00a0\u00bb#007bb6&Prime; background_enable_color=\u00a0\u00bboff\u00a0\u00bb border_radii=\u00a0\u00bbon|0px|0px|0px|0px\u00a0\u00bb border_width_all=\u00a0\u00bb1px\u00a0\u00bb border_color_all=\u00a0\u00bb#FFFFFF\u00a0\u00bb global_colors_info=\u00a0\u00bb{}\u00a0\u00bb transform_styles__hover_enabled=\u00a0\u00bbon|desktop\u00a0\u00bb box_shadow_color__hover=\u00a0\u00bbrgba(255,255,255,0.3)\u00a0\u00bb box_shadow_color__hover_enabled=\u00a0\u00bbon|desktop\u00a0\u00bb border_color_all__hover=\u00a0\u00bbRGBA(255,255,255,0)\u00a0\u00bb border_color_all__hover_enabled=\u00a0\u00bbon|hover\u00a0\u00bb transform_scale__hover=\u00a0\u00bb103%|103%\u00a0\u00bb transform_scale__hover_enabled=\u00a0\u00bbon|desktop\u00a0\u00bb transform_translate__hover_enabled=\u00a0\u00bbon|desktop\u00a0\u00bb transform_rotate__hover_enabled=\u00a0\u00bbon|desktop\u00a0\u00bb transform_skew__hover_enabled=\u00a0\u00bbon|desktop\u00a0\u00bb transform_origin__hover_enabled=\u00a0\u00bbon|desktop\u00a0\u00bb follow_button=\u00a0\u00bboff\u00a0\u00bb url_new_window=\u00a0\u00bbon\u00a0\u00bb]linkedin[\/et_pb_social_media_follow_network][et_pb_social_media_follow_network social_network=\u00a0\u00bbmedium\u00a0\u00bb url=\u00a0\u00bbhttps:\/\/medium.com\/@MarcAndrePepin_\u00a0\u00bb _builder_version=\u00a0\u00bb4.27.6&Prime; _module_preset=\u00a0\u00bbdefault\u00a0\u00bb background_color=\u00a0\u00bb#00ab6c\u00a0\u00bb background_enable_color=\u00a0\u00bboff\u00a0\u00bb hover_enabled=\u00a0\u00bb0&Prime; border_radii=\u00a0\u00bbon|0px|0px|0px|0px\u00a0\u00bb border_width_all=\u00a0\u00bb1px\u00a0\u00bb border_color_all=\u00a0\u00bb#FFFFFF\u00a0\u00bb global_colors_info=\u00a0\u00bb{}\u00a0\u00bb transform_styles__hover_enabled=\u00a0\u00bbon|desktop\u00a0\u00bb box_shadow_color__hover=\u00a0\u00bbrgba(255,255,255,0.3)\u00a0\u00bb box_shadow_color__hover_enabled=\u00a0\u00bbon|desktop\u00a0\u00bb border_color_all__hover=\u00a0\u00bbRGBA(255,255,255,0)\u00a0\u00bb border_color_all__hover_enabled=\u00a0\u00bbon|hover\u00a0\u00bb transform_scale__hover=\u00a0\u00bb103%|103%\u00a0\u00bb transform_scale__hover_enabled=\u00a0\u00bbon|desktop\u00a0\u00bb transform_translate__hover_enabled=\u00a0\u00bbon|desktop\u00a0\u00bb transform_rotate__hover_enabled=\u00a0\u00bbon|desktop\u00a0\u00bb transform_skew__hover_enabled=\u00a0\u00bbon|desktop\u00a0\u00bb transform_origin__hover_enabled=\u00a0\u00bbon|desktop\u00a0\u00bb follow_button=\u00a0\u00bboff\u00a0\u00bb url_new_window=\u00a0\u00bbon\u00a0\u00bb sticky_enabled=\u00a0\u00bb0&Prime;]medium[\/et_pb_social_media_follow_network][\/et_pb_social_media_follow][et_pb_text _builder_version=\u00a0\u00bb4.27.5&Prime; _module_preset=\u00a0\u00bbdefault\u00a0\u00bb global_colors_info=\u00a0\u00bb{}\u00a0\u00bb]<\/p>\n<p style=\"text-align: center;\">Marc Andr\u00e9 P\u00e9pin est le fondateur et PDG d&rsquo;Invescap, une soci\u00e9t\u00e9 pionni\u00e8re dans le domaine des produits financiers de type europ\u00e9en qui d\u00e9tient des contrats exclusifs avec la plupart des \u00e9metteurs de produits financiers europ\u00e9ens. \u00c0 ce titre, il est notamment responsable des relations avec la client\u00e8le, du marketing, des ressources humaines, de l&rsquo;\u00e9tude et de l&rsquo;analyse des produits financiers, ainsi que de la gestion op\u00e9rationnelle et strat\u00e9gique de l&rsquo;entreprise. Sous la direction innovante de M. P\u00e9pin, Invescap est devenu l&rsquo;un des principaux fournisseurs de solutions financi\u00e8res hautement performantes, ax\u00e9es sur la diversification et la rentabilit\u00e9.  <\/p>\n<p style=\"text-align: center;\">Le Dr P\u00e9pin est r\u00e9put\u00e9 pour offrir des opportunit\u00e9s d&rsquo;investissement fiables sur les march\u00e9s internationaux et pour sa capacit\u00e9 \u00e0 identifier avec expertise des opportunit\u00e9s de grande qualit\u00e9 pour les investisseurs. Sa philosophie d&rsquo;investissement vise \u00e0 r\u00e9duire les risques et \u00e0 augmenter les rendements. <\/p>\n<p>[\/et_pb_text][et_pb_button button_url=\u00a0\u00bb#professional-career\u00a0\u00bb button_text=\u00a0\u00bbParcours professionnel\u00a0\u00bb button_alignment=\u00a0\u00bbcenter\u00a0\u00bb _builder_version=\u00a0\u00bb4.27.6&Prime; _module_preset=\u00a0\u00bbdefault\u00a0\u00bb hover_enabled=\u00a0\u00bb0&Prime; global_colors_info=\u00a0\u00bb{}\u00a0\u00bb sticky_enabled=\u00a0\u00bb0&Prime;][\/et_pb_button][\/et_pb_column][\/et_pb_row][\/et_pb_section][et_pb_section fb_built=\u00a0\u00bb1&Prime; module_id=\u00a0\u00bbprofessional-career\u00a0\u00bb _builder_version=\u00a0\u00bb4.27.4&Prime; _module_preset=\u00a0\u00bbdefault\u00a0\u00bb background_color=\u00a0\u00bb#FFFFFF\u00a0\u00bb custom_padding=\u00a0\u00bb150px||150px||true|false\u00a0\u00bb custom_css_main_element=\u00a0\u00bbdisplay: flex;||flex-direction: column;||justify-content: center;\u00a0\u00bb custom_css_free_form=\u00a0\u00bb\/* When logged into WordPress (admin bar = 32px) *\/||body.logged-in selector {||  min-height: calc(100vh); \/* 40 + 32 *\/||}||||\/* For normal visitors (no admin bar) *\/||selector {||  min-height: calc(100vh);||}\u00a0\u00bb locked=\u00a0\u00bboff\u00a0\u00bb global_colors_info=\u00a0\u00bb{}\u00a0\u00bb][et_pb_row column_structure=\u00a0\u00bb3_5,2_5&Prime; make_equal=\u00a0\u00bbon\u00a0\u00bb _builder_version=\u00a0\u00bb4.27.5&Prime; _module_preset=\u00a0\u00bbdefault\u00a0\u00bb global_colors_info=\u00a0\u00bb{}\u00a0\u00bb][et_pb_column type=\u00a0\u00bb3_5&Prime; _builder_version=\u00a0\u00bb4.27.5&Prime; _module_preset=\u00a0\u00bbdefault\u00a0\u00bb custom_css_main_element=\u00a0\u00bbmargin: auto;\u00a0\u00bb global_colors_info=\u00a0\u00bb{}\u00a0\u00bb][et_pb_text _builder_version=\u00a0\u00bb4.27.5&Prime; _module_preset=\u00a0\u00bbdefault\u00a0\u00bb header_2_text_color=\u00a0\u00bb#0f182b\u00a0\u00bb global_colors_info=\u00a0\u00bb{}\u00a0\u00bb]<\/p>\n<h2>Parcours professionnel<\/h2>\n<p>[\/et_pb_text][et_pb_divider show_divider=\u00a0\u00bboff\u00a0\u00bb _builder_version=\u00a0\u00bb4.27.5&Prime; _module_preset=\u00a0\u00bbdefault\u00a0\u00bb background_color=\u00a0\u00bbrgba(15,24,43,0.93)\u00a0\u00bb width=\u00a0\u00bb20%\u00a0\u00bb custom_margin=\u00a0\u00bb||30px||false|false\u00a0\u00bb custom_css_main_element=\u00a0\u00bbbackground: linear-gradient(||  to right,||  rgba(15,24,43,1) 0%,||  rgba(15,24,43,0) 100%||) !important;||height: 1px;||\u00a0\u00bb global_colors_info=\u00a0\u00bb{}\u00a0\u00bb][\/et_pb_divider][et_pb_text _builder_version=\u00a0\u00bb4.27.5&Prime; _module_preset=\u00a0\u00bbdefault\u00a0\u00bb text_text_color=\u00a0\u00bb#0f182b\u00a0\u00bb global_colors_info=\u00a0\u00bb{}\u00a0\u00bb]<\/p>\n<p>Marc P\u00e9pin a \u00e9t\u00e9 PDG de Real Value Management de juin 2009 \u00e0 avril 2012. Pendant son mandat, les produits financiers g\u00e9r\u00e9s par la soci\u00e9t\u00e9 sont pass\u00e9s de 5 millions de francs suisses \u00e0 plus de 280 millions. Le Dr P\u00e9pin \u00e9tait responsable du d\u00e9veloppement des relations avec la client\u00e8le, du marketing, des strat\u00e9gies d&rsquo;investissement et des ressources humaines.  <\/p>\n<p>En tant que gestionnaire de portefeuille senior \u00e0 la Banque Clariden-Leu (groupe CS) d&rsquo;ao\u00fbt 2005 \u00e0 mai 2009, M. P\u00e9pin a conseill\u00e9 et g\u00e9r\u00e9 des comptes de clients suisses et internationaux, en se concentrant sur les investissements dans des produits financiers. Parmi ses r\u00e9alisations notables \u00e0 ce poste, on peut citer l&rsquo;augmentation de plus de 63 % du montant des mandats discr\u00e9tionnaires VIP et des mandats de produits financiers, ainsi que le d\u00e9veloppement de processus d&rsquo;investissement autour des mandats de produits financiers. <\/p>\n<p>[\/et_pb_text][et_pb_button button_url=\u00a0\u00bb#education\u00a0\u00bb button_text=\u00a0\u00bbFormation\u00a0\u00bb _builder_version=\u00a0\u00bb4.27.6&Prime; _module_preset=\u00a0\u00bbdefault\u00a0\u00bb custom_button=\u00a0\u00bbon\u00a0\u00bb button_text_color=\u00a0\u00bb#0f182b\u00a0\u00bb button_border_color=\u00a0\u00bb#0f182b\u00a0\u00bb custom_margin_tablet=\u00a0\u00bb||20px||false|false\u00a0\u00bb custom_margin_phone=\u00a0\u00bb||20px||false|false\u00a0\u00bb custom_margin_last_edited=\u00a0\u00bbon|phone\u00a0\u00bb hover_enabled=\u00a0\u00bb0&Prime; global_colors_info=\u00a0\u00bb{}\u00a0\u00bb sticky_enabled=\u00a0\u00bb0&Prime;][\/et_pb_button][\/et_pb_column][et_pb_column type=\u00a0\u00bb2_5&Prime; _builder_version=\u00a0\u00bb4.27.5&Prime; _module_preset=\u00a0\u00bbdefault\u00a0\u00bb custom_padding=\u00a0\u00bb10px|10px|10px|10px|true|true\u00a0\u00bb custom_css_main_element=\u00a0\u00bbmargin: auto;\u00a0\u00bb border_width_all=\u00a0\u00bb1px\u00a0\u00bb border_color_all=\u00a0\u00bb#0f182b\u00a0\u00bb global_colors_info=\u00a0\u00bb{}\u00a0\u00bb][et_pb_image src=\u00a0\u00bbhttps:\/\/www.aboutmarcandrepepin.com\/wp-content\/uploads\/2026\/02\/Marc-Andre-Pepin-Professional-Career.jpg\u00a0\u00bb title_text=\u00a0\u00bbMarc-Andre-Pepin-Professional-Career\u00a0\u00bb align=\u00a0\u00bbcenter\u00a0\u00bb _builder_version=\u00a0\u00bb4.27.4&Prime; _module_preset=\u00a0\u00bbdefault\u00a0\u00bb global_colors_info=\u00a0\u00bb{}\u00a0\u00bb][\/et_pb_image][\/et_pb_column][\/et_pb_row][\/et_pb_section][et_pb_section fb_built=\u00a0\u00bb1&Prime; module_id=\u00a0\u00bbeducation\u00a0\u00bb _builder_version=\u00a0\u00bb4.27.4&Prime; _module_preset=\u00a0\u00bbdefault\u00a0\u00bb use_background_color_gradient=\u00a0\u00bbon\u00a0\u00bb background_color_gradient_direction=\u00a0\u00bb135deg\u00a0\u00bb background_color_gradient_stops=\u00a0\u00bb#0f182b 0%|#181818 100%\u00a0\u00bb custom_padding=\u00a0\u00bb150px||150px||true|false\u00a0\u00bb custom_css_main_element=\u00a0\u00bbdisplay: flex;||flex-direction: column;||justify-content: center;\u00a0\u00bb custom_css_free_form=\u00a0\u00bb\/* When logged into WordPress (admin bar = 32px) *\/||body.logged-in selector {||  min-height: calc(100vh); \/* 40 + 32 *\/||}||||\/* For normal visitors (no admin bar) *\/||selector {||  min-height: calc(100vh);||}\u00a0\u00bb locked=\u00a0\u00bboff\u00a0\u00bb global_colors_info=\u00a0\u00bb{}\u00a0\u00bb][et_pb_row column_structure=\u00a0\u00bb2_5,3_5&Prime; make_equal=\u00a0\u00bbon\u00a0\u00bb _builder_version=\u00a0\u00bb4.27.5&Prime; _module_preset=\u00a0\u00bbdefault\u00a0\u00bb global_colors_info=\u00a0\u00bb{}\u00a0\u00bb][et_pb_column type=\u00a0\u00bb2_5&Prime; _builder_version=\u00a0\u00bb4.27.5&Prime; _module_preset=\u00a0\u00bbdefault\u00a0\u00bb custom_padding=\u00a0\u00bb10px|10px|10px|10px|true|true\u00a0\u00bb custom_css_main_element=\u00a0\u00bbmargin: auto;\u00a0\u00bb border_width_all=\u00a0\u00bb1px\u00a0\u00bb border_color_all=\u00a0\u00bb#FFFFFF\u00a0\u00bb global_colors_info=\u00a0\u00bb{}\u00a0\u00bb][et_pb_image src=\u00a0\u00bbhttps:\/\/www.aboutmarcandrepepin.com\/wp-content\/uploads\/2026\/02\/Marc-Andre-Pepin-Imperial-College-London.jpg\u00a0\u00bb title_text=\u00a0\u00bbMarc-Andre-Pepin-Imperial-College-London\u00a0\u00bb _builder_version=\u00a0\u00bb4.27.4&Prime; _module_preset=\u00a0\u00bbdefault\u00a0\u00bb global_colors_info=\u00a0\u00bb{}\u00a0\u00bb][\/et_pb_image][\/et_pb_column][et_pb_column type=\u00a0\u00bb3_5&Prime; _builder_version=\u00a0\u00bb4.27.5&Prime; _module_preset=\u00a0\u00bbdefault\u00a0\u00bb custom_padding_tablet=\u00a0\u00bb30px||||false|false\u00a0\u00bb custom_padding_phone=\u00a0\u00bb30px||||false|false\u00a0\u00bb custom_padding_last_edited=\u00a0\u00bbon|phone\u00a0\u00bb custom_css_main_element=\u00a0\u00bbmargin: auto;\u00a0\u00bb global_colors_info=\u00a0\u00bb{}\u00a0\u00bb][et_pb_text _builder_version=\u00a0\u00bb4.27.5&Prime; _module_preset=\u00a0\u00bbdefault\u00a0\u00bb global_colors_info=\u00a0\u00bb{}\u00a0\u00bb]<\/p>\n<h2>Formation<\/h2>\n<p>[\/et_pb_text][et_pb_divider show_divider=\u00a0\u00bboff\u00a0\u00bb _builder_version=\u00a0\u00bb4.27.5&Prime; _module_preset=\u00a0\u00bbdefault\u00a0\u00bb width=\u00a0\u00bb20%\u00a0\u00bb custom_margin=\u00a0\u00bb||30px||false|false\u00a0\u00bb custom_css_main_element=\u00a0\u00bbbackground: linear-gradient(||  to right,||  rgba(255,255,255,1) 0%,||  rgba(255,255,255,0) 100%||) !important;||height: 1px;||\u00a0\u00bb global_colors_info=\u00a0\u00bb{}\u00a0\u00bb][\/et_pb_divider][et_pb_text _builder_version=\u00a0\u00bb4.27.5&Prime; _module_preset=\u00a0\u00bbdefault\u00a0\u00bb global_colors_info=\u00a0\u00bb{}\u00a0\u00bb]<\/p>\n<p>Le Dr P\u00e9pin est titulaire d&rsquo;un MBA en finance de l&rsquo;Imperial College de Londres, d&rsquo;un dipl\u00f4me en g\u00e9nie industriel et d&rsquo;un doctorat en finance et \u00e9conomie. Il est analyste financier agr\u00e9\u00e9 depuis 2002, analyste agr\u00e9\u00e9 en investissements alternatifs depuis 2003 et membre associ\u00e9 de Mensa, de l&rsquo;AIMR et de la CAIA. Outre le fran\u00e7ais, il parle couramment l&rsquo;allemand, l&rsquo;espagnol, l&rsquo;italien et l&rsquo;anglais. Membre du Club alpin et du Club 4000, le Dr P\u00e9pin a remport\u00e9 chaque ann\u00e9e le prix Wealth &amp; Finance International de 2012 \u00e0 2017.   <\/p>\n<p>[\/et_pb_text][et_pb_button button_url=\u00a0\u00bb#philanthropy\u00a0\u00bb button_text=\u00a0\u00bbPhilanthropie\u00a0\u00bb _builder_version=\u00a0\u00bb4.27.6&Prime; _module_preset=\u00a0\u00bbdefault\u00a0\u00bb hover_enabled=\u00a0\u00bb0&Prime; global_colors_info=\u00a0\u00bb{}\u00a0\u00bb sticky_enabled=\u00a0\u00bb0&Prime;][\/et_pb_button][\/et_pb_column][\/et_pb_row][\/et_pb_section][et_pb_section fb_built=\u00a0\u00bb1&Prime; module_id=\u00a0\u00bbphilanthropy\u00a0\u00bb _builder_version=\u00a0\u00bb4.27.4&Prime; _module_preset=\u00a0\u00bbdefault\u00a0\u00bb background_color=\u00a0\u00bb#FFFFFF\u00a0\u00bb custom_padding=\u00a0\u00bb150px||150px||true|false\u00a0\u00bb custom_css_main_element=\u00a0\u00bbdisplay: flex;||flex-direction: column;||justify-content: center;\u00a0\u00bb custom_css_free_form=\u00a0\u00bb\/* When logged into WordPress (admin bar = 32px) *\/||body.logged-in selector {||  min-height: calc(100vh); \/* 40 + 32 *\/||}||||\/* For normal visitors (no admin bar) *\/||selector {||  min-height: calc(100vh);||}\u00a0\u00bb locked=\u00a0\u00bboff\u00a0\u00bb global_colors_info=\u00a0\u00bb{}\u00a0\u00bb][et_pb_row make_equal=\u00a0\u00bbon\u00a0\u00bb _builder_version=\u00a0\u00bb4.27.5&Prime; _module_preset=\u00a0\u00bbdefault\u00a0\u00bb global_colors_info=\u00a0\u00bb{}\u00a0\u00bb][et_pb_column type=\u00a0\u00bb4_4&Prime; _builder_version=\u00a0\u00bb4.27.5&Prime; _module_preset=\u00a0\u00bbdefault\u00a0\u00bb custom_css_main_element=\u00a0\u00bbmargin: auto;\u00a0\u00bb global_colors_info=\u00a0\u00bb{}\u00a0\u00bb][et_pb_text _builder_version=\u00a0\u00bb4.27.5&Prime; _module_preset=\u00a0\u00bbdefault\u00a0\u00bb header_2_text_color=\u00a0\u00bb#0f182b\u00a0\u00bb global_colors_info=\u00a0\u00bb{}\u00a0\u00bb]<\/p>\n<h2 style=\"text-align: center;\">Philanthropie<\/h2>\n<p>[\/et_pb_text][et_pb_divider show_divider=\u00a0\u00bboff\u00a0\u00bb _builder_version=\u00a0\u00bb4.27.5&Prime; _module_preset=\u00a0\u00bbdefault\u00a0\u00bb width=\u00a0\u00bb20%\u00a0\u00bb module_alignment=\u00a0\u00bbcenter\u00a0\u00bb custom_margin=\u00a0\u00bb||30px||false|false\u00a0\u00bb custom_css_main_element=\u00a0\u00bbbackground: linear-gradient(||  to right,||  rgba(15, 24, 43,0) 0%,||  rgba(15, 24, 43,1) 50%,||  rgba(15, 24, 43,0) 100%||) !important;||height: 1px;\u00a0\u00bb global_colors_info=\u00a0\u00bb{}\u00a0\u00bb][\/et_pb_divider][\/et_pb_column][\/et_pb_row][et_pb_row make_equal=\u00a0\u00bbon\u00a0\u00bb custom_padding_last_edited=\u00a0\u00bbon|tablet\u00a0\u00bb _builder_version=\u00a0\u00bb4.27.5&Prime; _module_preset=\u00a0\u00bbdefault\u00a0\u00bb width=\u00a0\u00bb30%\u00a0\u00bb width_tablet=\u00a0\u00bb80%\u00a0\u00bb width_phone=\u00a0\u00bb80%\u00a0\u00bb width_last_edited=\u00a0\u00bbon|tablet\u00a0\u00bb custom_padding_tablet=\u00a0\u00bb10px||10px||true|false\u00a0\u00bb custom_padding_phone=\u00a0\u00bb10px||10px||true|false\u00a0\u00bb border_width_all=\u00a0\u00bb1px\u00a0\u00bb global_colors_info=\u00a0\u00bb{}\u00a0\u00bb][et_pb_column type=\u00a0\u00bb4_4&Prime; _builder_version=\u00a0\u00bb4.27.5&Prime; _module_preset=\u00a0\u00bbdefault\u00a0\u00bb custom_css_main_element=\u00a0\u00bbmargin: auto;\u00a0\u00bb global_colors_info=\u00a0\u00bb{}\u00a0\u00bb][et_pb_image src=\u00a0\u00bbhttps:\/\/www.aboutmarcandrepepin.com\/wp-content\/uploads\/2026\/02\/Marc-Andre-Pepin-Philanthropy-scaled.jpg\u00a0\u00bb alt=\u00a0\u00bbMarc Andr\u00e9 P\u00e9pin\u00a0\u00bb title_text=\u00a0\u00bbAbout-Section-3-Placeholder-Image\u00a0\u00bb align=\u00a0\u00bbcenter\u00a0\u00bb _builder_version=\u00a0\u00bb4.27.4&Prime; _module_preset=\u00a0\u00bbdefault\u00a0\u00bb width=\u00a0\u00bb90%\u00a0\u00bb custom_padding_tablet=\u00a0\u00bb|10px||10px|false|true\u00a0\u00bb custom_padding_phone=\u00a0\u00bb|10px||10px|false|true\u00a0\u00bb custom_padding_last_edited=\u00a0\u00bbon|tablet\u00a0\u00bb global_colors_info=\u00a0\u00bb{}\u00a0\u00bb][\/et_pb_image][\/et_pb_column][\/et_pb_row][et_pb_row make_equal=\u00a0\u00bbon\u00a0\u00bb _builder_version=\u00a0\u00bb4.27.5&Prime; _module_preset=\u00a0\u00bbdefault\u00a0\u00bb global_colors_info=\u00a0\u00bb{}\u00a0\u00bb][et_pb_column type=\u00a0\u00bb4_4&Prime; _builder_version=\u00a0\u00bb4.27.5&Prime; _module_preset=\u00a0\u00bbdefault\u00a0\u00bb custom_css_main_element=\u00a0\u00bbmargin: auto;\u00a0\u00bb global_colors_info=\u00a0\u00bb{}\u00a0\u00bb][et_pb_text _builder_version=\u00a0\u00bb4.27.5&Prime; _module_preset=\u00a0\u00bbdefault\u00a0\u00bb text_text_color=\u00a0\u00bb#0f182b\u00a0\u00bb global_colors_info=\u00a0\u00bb{}\u00a0\u00bb]<\/p>\n<p style=\"text-align: center;\">Philanthrope actif, le Dr P\u00e9pin concentre ses activit\u00e9s dans les domaines de la sant\u00e9 et du sport. En 2016, il a parrain\u00e9 l&rsquo;\u00e9quipe suisse de voile lors des Jeux olympiques d&rsquo;\u00e9t\u00e9 de Rio, et gr\u00e2ce \u00e0 ses int\u00e9r\u00eats commerciaux, il a fait des dons, apport\u00e9 son soutien et parrain\u00e9 l&rsquo;\u00e9quipe nationale suisse de rugby. Le Dr P\u00e9pin a couru plus de 50 marathons \u00e0 travers le monde, collectant ainsi des fonds importants pour diverses associations caritatives, et a \u00e9galement fait des dons pour la restauration des bateaux \u00e0 vapeur qui naviguent sur le lac L\u00e9man.  <\/p>\n<p>[\/et_pb_text][et_pb_button button_url=\u00a0\u00bb@ET-DC@eyJkeW5hbWljIjp0cnVlLCJjb250ZW50IjoicG9zdF9saW5rX3VybF9wYWdlIiwic2V0dGluZ3MiOnsicG9zdF9pZCI6IjI3MyJ9fQ==@\u00a0\u00bb button_text=\u00a0\u00bbFAQs\u00a0\u00bb button_alignment=\u00a0\u00bbcenter\u00a0\u00bb _builder_version=\u00a0\u00bb4.27.6&Prime; _dynamic_attributes=\u00a0\u00bbbutton_url\u00a0\u00bb _module_preset=\u00a0\u00bbdefault\u00a0\u00bb custom_button=\u00a0\u00bbon\u00a0\u00bb button_text_color=\u00a0\u00bb#0f182b\u00a0\u00bb button_border_color=\u00a0\u00bb#0f182b\u00a0\u00bb hover_enabled=\u00a0\u00bb0&Prime; global_colors_info=\u00a0\u00bb{}\u00a0\u00bb sticky_enabled=\u00a0\u00bb0&Prime;][\/et_pb_button][\/et_pb_column][\/et_pb_row][\/et_pb_section]<\/p>\n","protected":false},"excerpt":{"rendered":"<p>Marc Andr\u00e9 P\u00e9pinPDG d\u2019InvescapMarc Andr\u00e9 P\u00e9pin est le fondateur et PDG d&rsquo;Invescap, une soci\u00e9t\u00e9 pionni\u00e8re dans le domaine des produits financiers de type europ\u00e9en qui d\u00e9tient des contrats exclusifs avec la plupart des \u00e9metteurs de produits financiers europ\u00e9ens. \u00c0 ce titre, il est notamment responsable des relations avec la client\u00e8le, du marketing, des ressources humaines, [&hellip;]<\/p>\n","protected":false},"author":1,"featured_media":0,"parent":0,"menu_order":0,"comment_status":"closed","ping_status":"closed","template":"","meta":{"_et_pb_use_builder":"on","_et_pb_old_content":"","_et_gb_content_width":"","footnotes":""},"class_list":["post-298","page","type-page","status-publish","hentry"],"yoast_head":"<!-- This site is optimized with the Yoast SEO plugin v27.4 - https:\/\/yoast.com\/product\/yoast-seo-wordpress\/ -->\n<title>\u00c0 propos - Marc Andr\u00e9 P\u00e9pin<\/title>\n<meta name=\"description\" content=\"Marc Andr\u00e9 P\u00e9pin est le fondateur et PDG d&#039;Invescap, une soci\u00e9t\u00e9 pionni\u00e8re dans le domaine des produits financiers de type europ\u00e9en qui d\u00e9tient des contrats exclusifs avec la plupart des \u00e9metteurs de produits financiers europ\u00e9ens.\" \/>\n<meta name=\"robots\" content=\"index, follow, max-snippet:-1, max-image-preview:large, max-video-preview:-1\" \/>\n<link rel=\"canonical\" href=\"https:\/\/www.aboutmarcandrepepin.com\/fr\/a-propos\/\" \/>\n<meta property=\"og:locale\" content=\"fr_FR\" \/>\n<meta property=\"og:type\" content=\"article\" \/>\n<meta property=\"og:title\" content=\"\u00c0 propos - Marc Andr\u00e9 P\u00e9pin\" \/>\n<meta property=\"og:description\" content=\"Marc Andr\u00e9 P\u00e9pin est le fondateur et PDG d&#039;Invescap, une soci\u00e9t\u00e9 pionni\u00e8re dans le domaine des produits financiers de type europ\u00e9en qui d\u00e9tient des contrats exclusifs avec la plupart des \u00e9metteurs de produits financiers europ\u00e9ens.\" \/>\n<meta property=\"og:url\" content=\"https:\/\/www.aboutmarcandrepepin.com\/fr\/a-propos\/\" \/>\n<meta property=\"og:site_name\" content=\"Marc Andr\u00e9 P\u00e9pin\" \/>\n<meta property=\"article:modified_time\" content=\"2026-03-04T12:48:15+00:00\" \/>\n<meta name=\"twitter:card\" content=\"summary_large_image\" \/>\n<meta name=\"twitter:label1\" content=\"Dur\u00e9e de lecture estim\u00e9e\" \/>\n\t<meta name=\"twitter:data1\" content=\"11 minutes\" \/>\n<script type=\"application\/ld+json\" class=\"yoast-schema-graph\">{\"@context\":\"https:\\\/\\\/schema.org\",\"@graph\":[{\"@type\":\"WebPage\",\"@id\":\"https:\\\/\\\/www.aboutmarcandrepepin.com\\\/fr\\\/a-propos\\\/\",\"url\":\"https:\\\/\\\/www.aboutmarcandrepepin.com\\\/fr\\\/a-propos\\\/\",\"name\":\"\u00c0 propos - Marc Andr\u00e9 P\u00e9pin\",\"isPartOf\":{\"@id\":\"https:\\\/\\\/www.aboutmarcandrepepin.com\\\/fr\\\/#website\"},\"datePublished\":\"2026-02-20T14:59:20+00:00\",\"dateModified\":\"2026-03-04T12:48:15+00:00\",\"description\":\"Marc Andr\u00e9 P\u00e9pin est le fondateur et PDG d'Invescap, une soci\u00e9t\u00e9 pionni\u00e8re dans le domaine des produits financiers de type europ\u00e9en qui d\u00e9tient des contrats exclusifs avec la plupart des \u00e9metteurs de produits financiers europ\u00e9ens.\",\"breadcrumb\":{\"@id\":\"https:\\\/\\\/www.aboutmarcandrepepin.com\\\/fr\\\/a-propos\\\/#breadcrumb\"},\"inLanguage\":\"fr-FR\",\"potentialAction\":[{\"@type\":\"ReadAction\",\"target\":[\"https:\\\/\\\/www.aboutmarcandrepepin.com\\\/fr\\\/a-propos\\\/\"]}]},{\"@type\":\"BreadcrumbList\",\"@id\":\"https:\\\/\\\/www.aboutmarcandrepepin.com\\\/fr\\\/a-propos\\\/#breadcrumb\",\"itemListElement\":[{\"@type\":\"ListItem\",\"position\":1,\"name\":\"Home\",\"item\":\"https:\\\/\\\/www.aboutmarcandrepepin.com\\\/fr\\\/\"},{\"@type\":\"ListItem\",\"position\":2,\"name\":\"\u00c0 propos\"}]},{\"@type\":\"WebSite\",\"@id\":\"https:\\\/\\\/www.aboutmarcandrepepin.com\\\/fr\\\/#website\",\"url\":\"https:\\\/\\\/www.aboutmarcandrepepin.com\\\/fr\\\/\",\"name\":\"Marc Andr\u00e9 P\u00e9pin\",\"description\":\"This is the blog of Marc Andr&eacute; P&eacute;pin\",\"potentialAction\":[{\"@type\":\"SearchAction\",\"target\":{\"@type\":\"EntryPoint\",\"urlTemplate\":\"https:\\\/\\\/www.aboutmarcandrepepin.com\\\/fr\\\/?s={search_term_string}\"},\"query-input\":{\"@type\":\"PropertyValueSpecification\",\"valueRequired\":true,\"valueName\":\"search_term_string\"}}],\"inLanguage\":\"fr-FR\"}]}<\/script>\n<!-- \/ Yoast SEO plugin. -->","yoast_head_json":{"title":"\u00c0 propos - Marc Andr\u00e9 P\u00e9pin","description":"Marc Andr\u00e9 P\u00e9pin est le fondateur et PDG d'Invescap, une soci\u00e9t\u00e9 pionni\u00e8re dans le domaine des produits financiers de type europ\u00e9en qui d\u00e9tient des contrats exclusifs avec la plupart des \u00e9metteurs de produits financiers europ\u00e9ens.","robots":{"index":"index","follow":"follow","max-snippet":"max-snippet:-1","max-image-preview":"max-image-preview:large","max-video-preview":"max-video-preview:-1"},"canonical":"https:\/\/www.aboutmarcandrepepin.com\/fr\/a-propos\/","og_locale":"fr_FR","og_type":"article","og_title":"\u00c0 propos - Marc Andr\u00e9 P\u00e9pin","og_description":"Marc Andr\u00e9 P\u00e9pin est le fondateur et PDG d'Invescap, une soci\u00e9t\u00e9 pionni\u00e8re dans le domaine des produits financiers de type europ\u00e9en qui d\u00e9tient des contrats exclusifs avec la plupart des \u00e9metteurs de produits financiers europ\u00e9ens.","og_url":"https:\/\/www.aboutmarcandrepepin.com\/fr\/a-propos\/","og_site_name":"Marc Andr\u00e9 P\u00e9pin","article_modified_time":"2026-03-04T12:48:15+00:00","twitter_card":"summary_large_image","twitter_misc":{"Dur\u00e9e de lecture estim\u00e9e":"11 minutes"},"schema":{"@context":"https:\/\/schema.org","@graph":[{"@type":"WebPage","@id":"https:\/\/www.aboutmarcandrepepin.com\/fr\/a-propos\/","url":"https:\/\/www.aboutmarcandrepepin.com\/fr\/a-propos\/","name":"\u00c0 propos - Marc Andr\u00e9 P\u00e9pin","isPartOf":{"@id":"https:\/\/www.aboutmarcandrepepin.com\/fr\/#website"},"datePublished":"2026-02-20T14:59:20+00:00","dateModified":"2026-03-04T12:48:15+00:00","description":"Marc Andr\u00e9 P\u00e9pin est le fondateur et PDG d'Invescap, une soci\u00e9t\u00e9 pionni\u00e8re dans le domaine des produits financiers de type europ\u00e9en qui d\u00e9tient des contrats exclusifs avec la plupart des \u00e9metteurs de produits financiers europ\u00e9ens.","breadcrumb":{"@id":"https:\/\/www.aboutmarcandrepepin.com\/fr\/a-propos\/#breadcrumb"},"inLanguage":"fr-FR","potentialAction":[{"@type":"ReadAction","target":["https:\/\/www.aboutmarcandrepepin.com\/fr\/a-propos\/"]}]},{"@type":"BreadcrumbList","@id":"https:\/\/www.aboutmarcandrepepin.com\/fr\/a-propos\/#breadcrumb","itemListElement":[{"@type":"ListItem","position":1,"name":"Home","item":"https:\/\/www.aboutmarcandrepepin.com\/fr\/"},{"@type":"ListItem","position":2,"name":"\u00c0 propos"}]},{"@type":"WebSite","@id":"https:\/\/www.aboutmarcandrepepin.com\/fr\/#website","url":"https:\/\/www.aboutmarcandrepepin.com\/fr\/","name":"Marc Andr\u00e9 P\u00e9pin","description":"This is the blog of Marc Andr&eacute; P&eacute;pin","potentialAction":[{"@type":"SearchAction","target":{"@type":"EntryPoint","urlTemplate":"https:\/\/www.aboutmarcandrepepin.com\/fr\/?s={search_term_string}"},"query-input":{"@type":"PropertyValueSpecification","valueRequired":true,"valueName":"search_term_string"}}],"inLanguage":"fr-FR"}]}},"_links":{"self":[{"href":"https:\/\/www.aboutmarcandrepepin.com\/fr\/wp-json\/wp\/v2\/pages\/298","targetHints":{"allow":["GET"]}}],"collection":[{"href":"https:\/\/www.aboutmarcandrepepin.com\/fr\/wp-json\/wp\/v2\/pages"}],"about":[{"href":"https:\/\/www.aboutmarcandrepepin.com\/fr\/wp-json\/wp\/v2\/types\/page"}],"author":[{"embeddable":true,"href":"https:\/\/www.aboutmarcandrepepin.com\/fr\/wp-json\/wp\/v2\/users\/1"}],"replies":[{"embeddable":true,"href":"https:\/\/www.aboutmarcandrepepin.com\/fr\/wp-json\/wp\/v2\/comments?post=298"}],"version-history":[{"count":2,"href":"https:\/\/www.aboutmarcandrepepin.com\/fr\/wp-json\/wp\/v2\/pages\/298\/revisions"}],"predecessor-version":[{"id":305,"href":"https:\/\/www.aboutmarcandrepepin.com\/fr\/wp-json\/wp\/v2\/pages\/298\/revisions\/305"}],"wp:attachment":[{"href":"https:\/\/www.aboutmarcandrepepin.com\/fr\/wp-json\/wp\/v2\/media?parent=298"}],"curies":[{"name":"wp","href":"https:\/\/api.w.org\/{rel}","templated":true}]}}